{"id":48743,"date":"2023-07-15T15:25:00","date_gmt":"2023-07-15T13:25:00","guid":{"rendered":"https:\/\/travecademy.be\/salon-du-voyage-aux-etats-unis-et-au-canada\/"},"modified":"2024-02-13T12:19:57","modified_gmt":"2024-02-13T10:19:57","slug":"salon-du-voyage-aux-etats-unis-et-au-canada","status":"publish","type":"page","link":"https:\/\/travecademy.be\/fr\/salon-du-voyage-aux-etats-unis-et-au-canada\/","title":{"rendered":"Salon du voyage aux \u00c9tats-Unis et au Canada"},"content":{"rendered":"<p><strong>Visitez le Salon du voyage USA & Canada 2023 les samedi 4 et dimanche 5 novembre !<\/strong><\/p>\n<p>Visitez ce salon et obtenez des informations compl\u00e8tes de la part de plus de 30 exposants du salon USA & Canada Travel Fair, sp\u00e9cialement con\u00e7u pour les voyageurs souhaitant se rendre sur le continent nord-am\u00e9ricain. Des sp\u00e9cialistes de l\u2019industrie du voyage sont pr\u00eats \u00e0 vous parler personnellement ; il s\u2019agit d\u2019agences de voyage sp\u00e9cialis\u00e9es, de compagnies a\u00e9riennes, de soci\u00e9t\u00e9s de location de camping-cars et d\u2019autres organisations. Ils r\u00e9fl\u00e9chissent avec vous et vous fournissent toutes sortes de conseils et d\u2019informations pour r\u00e9aliser ensemble le voyage de vos r\u00eaves.<\/p>\n<ul>\n<li>Samedi 4 et dimanche 5 novembre 2023<\/li>\n<li>de 10 heures \u00e0 17 heures<\/li>\n<li>\u00e0 l\u2019h\u00f4tel Figi \u00e0 Zeist<\/li>\n<\/ul>\n<p><a href=\"https:\/\/www.usacanadareisbeurs.nl\/\" target=\"_blank\" rel=\"noopener\"><strong>Inscrivez-vous ici !<\/strong><\/a><\/p>\n<p>Quel est le d\u00e9sir ? Un roadtrip \u00e0 travers les \u00c9tats-Unis ou le Canada, en camping-car, en voiture ou en moto ? Vous passez des vacances au soleil dans le sud des \u00c9tats-Unis ou vous recherchez l\u2019aventure dans le grand nord du Yukon et de l\u2019Alaska ?<br \/>\nOu pr\u00e9f\u00e9rez-vous une destination plus connue comme Las Vegas, New York ou San Francisco, par exemple ?<br \/>\nMais vous pourrez \u00e9galement trouver des informations sp\u00e9cialis\u00e9es sur des r\u00e9gions plus obscures comme le Texas, le Sud profond ou le Far West.<br \/>\nLes sp\u00e9cialistes canadiens sont \u00e9galement bien repr\u00e9sent\u00e9s et, de Halifax \u00e0 Tofino sur l\u2019\u00eele de Vancouver, vous pouvez obtenir des informations de premi\u00e8re main \u00e0 leur sujet.<br \/>\nCe n\u2019est pas pour rien que c\u2019est le seul salon sp\u00e9cialis\u00e9 dans les voyages en Am\u00e9rique du Nord aux Pays-Bas avec autant de professionnels.<\/p>\n<p>Ces sp\u00e9cialistes sont connus localement et connaissent la r\u00e9gion comme leur poche. Avec beaucoup d\u2019enthousiasme, ils se feront un plaisir de vous renseigner sur les diff\u00e9rentes options de voyage afin de d\u00e9terminer ensemble ce qui conviendrait le mieux \u00e0 votre exp\u00e9rience de vacances. C\u2019est \u00e0 cela que servent les sp\u00e9cialistes, qui connaissent leur m\u00e9tier et sont heureux de le partager avec vous.<\/p>\n<p>Votre voyage de r\u00eave en Am\u00e9rique du Nord commence avec les sp\u00e9cialistes du voyage, dont beaucoup ont eux-m\u00eames beaucoup voyag\u00e9 et sont heureux de partager leurs exp\u00e9riences avec vous.<br \/>\nIl y aura \u00e9galement plusieurs pr\u00e9sentations auxquelles vous pourrez assister gratuitement. L\u2019ordre du jour sera publi\u00e9 en octobre.<\/p>\n<p>Pour plus d\u2019informations, contactez\u00a0<a href=\"mailto:usacanadareisbeurs@itnmarketing.nl\">usacanadareisbeurs@itnmarketing.nl<\/a>\u00a0ou visitez le site web\u00a0<a href=\"http:\/\/www.usacanadareisbeurs.nl\/\" target=\"_blank\" rel=\"noopener\">www.usacanadareisbeurs.nl<\/a><\/p>\n<p><a href=\"http:\/\/www.usacanadareisbeurs.nl\/\" target=\"_blank\" rel=\"noopener\"><img decoding=\"async\" src=\"https:\/\/www.travecademy.be\/wp-content\/uploads\/2023\/09\/Logo-USACanada.png\" alt=\"\" width=\"240\" height=\"85\"><\/a><\/p>\n\n<hr class=\"wp-block-separator has-alpha-channel-opacity\"\/>\n\n<h2 class=\"wp-block-heading\">\u00c9DITIONS PR\u00c9C\u00c9DENTES<\/h2>\n\n<p><strong>Samedi 5 et dimanche 6 novembre 2022<\/strong> <strong>de 10 heures \u00e0 17 heures<\/strong> <strong>\u00e0 l\u2019h\u00f4tel Figi \u00e0 Zeist <\/strong> <\/p>\n\n<p>Visitez le salon du voyage USA & Canada et obtenez des informations compl\u00e8tes aupr\u00e8s de plus de 35 exposants au salon du voyage USA & Canada, sp\u00e9cialement pour les voyageurs souhaitant visiter le continent nord-am\u00e9ricain. Des sp\u00e9cialistes de l\u2019industrie du voyage sont pr\u00eats \u00e0 vous parler en personne ; il s\u2019agit d\u2019agences de voyage sp\u00e9cialis\u00e9es, de compagnies a\u00e9riennes et d\u2019autres organisations. Ils r\u00e9fl\u00e9chissent avec vous et vous fournissent toutes sortes de conseils et d\u2019informations pour r\u00e9aliser ensemble le voyage de vos r\u00eaves.<\/p>\n\n<p><a href=\"https:\/\/www.usacanadareisbeurs.nl\/aanmelden\/\" target=\"_blank\" rel=\"noreferrer noopener\">R\u00e9servez votre billet d\u2019entr\u00e9e ici<\/a><\/p>\n\n<p>Quel est le d\u00e9sir ? Un roadtrip \u00e0 travers les \u00c9tats-Unis ou le Canada, en camping-car, en voiture ou en moto ? Des vacances au soleil dans les Keys de Floride ou l\u2019aventure dans le grand nord du Yukon et de l\u2019Alaska ? Ces organisations sont bien connues localement et savent tout ce qu\u2019il en est. Mais aussi de Las Vegas et du sud profond de l\u2019Am\u00e9rique. C\u2019est \u00e0 cela que servent les sp\u00e9cialistes, qui connaissent leur m\u00e9tier et sont heureux de le partager avec vous.<br\/>Votre voyage de r\u00eave en Am\u00e9rique du Nord commence avec les sp\u00e9cialistes du voyage, dont beaucoup ont eux-m\u00eames beaucoup voyag\u00e9 et sont heureux de partager leurs exp\u00e9riences avec vous.<br\/>Il y aura \u00e9galement plusieurs pr\u00e9sentations auxquelles vous pourrez assister gratuitement. L\u2019ordre du jour sera fix\u00e9 en octobre.<\/p>\n\n<p><strong>L\u2019organisation<\/strong><\/p>\n\n<p>ITN Marketing s\u2019occupe de l\u2019organisation compl\u00e8te, du marketing et des relations publiques de cet \u00e9v\u00e9nement b2c. Si vous avez des questions, vous pouvez toujours <a href=\"https:\/\/itnmarketing.nl\/contact\" target=\"_blank\" rel=\"noreferrer noopener\">contacter<\/a> ITN Marketing.<\/p>\n\n<hr class=\"wp-block-separator has-alpha-channel-opacity\"\/>\n\n<p><strong>EDITION 2019<\/strong><\/p>\n\n<p>Le salon du voyage 2019 a \u00e9t\u00e9 un succ\u00e8s ! Pendant deux jours, plus de 1 800 consommateurs se sont arr\u00eat\u00e9s pour pr\u00e9parer le voyage de leurs r\u00eaves. Nous avons d\u00fb renoncer au salon du voyage USA & Canada en 2020 \u00e0 cause de la Corona. De nouvelles perspectives offrent la possibilit\u00e9 d\u2019organiser \u00e0 nouveau la foire \u00e0 l\u2019automne. Nous pr\u00e9voyons d\u2019\u00eatre en mesure d\u2019organiser une v\u00e9ritable foire du voyage aux \u00c9tats-Unis et au Canada. La date est connue et la liste des lieux sera bient\u00f4t publi\u00e9e sur notre site web.<\/p>\n\n<p>Lors de ce salon sp\u00e9cialis\u00e9, les voyagistes informent et inspirent les visiteurs int\u00e9ress\u00e9s par les nombreuses possibilit\u00e9s de voyage en Am\u00e9rique du Nord.<br\/>Les participants de cette ann\u00e9e se composent d\u2019un petit groupe qui privil\u00e9gie le contact personnel afin de motiver et d\u2019encourager les consommateurs \u00e0 r\u00e9aliser le voyage de leurs r\u00eaves et de leur fournir des informations. Aujourd\u2019hui, elle se compose d\u2019agences de circulation, d\u2019agences de voyage, de compagnies a\u00e9riennes et ferroviaires et de soci\u00e9t\u00e9s de location de camping-cars.<\/p>\n\n<p>Pour promouvoir davantage un produit pendant les journ\u00e9es d\u2019exposition, il est possible de faire des pr\u00e9sentations aux visiteurs.<br\/>Pour plus d\u2019informations et la liste des participants 2019, visitez notre site web <a href=\"http:\/\/www.usacanadareisbeurs.nl\/\">www.usacanadareisbeurs.nl<\/a>. Il existe \u00e9galement une page Facebook d\u00e9di\u00e9e.<\/p>\n\n<p><strong>Cible<\/strong><br\/>R\u00e9capitulatif : en 2019, plus de 1 800 consommateurs de diff\u00e9rentes r\u00e9gions du pays ont visit\u00e9 le site, cherchant des informations et r\u00e9servant des voyages. En tant que fournisseur, vous avez la possibilit\u00e9 d\u2019entrer en contact avec un grand nombre de clients potentiels \u00e0 l\u2019occasion de cette foire aux consommateurs. Le nombre de demandes de renseignements et de r\u00e9servations apr\u00e8s les foires s\u2019est av\u00e9r\u00e9 \u00e9lev\u00e9 lors des contacts avec les fournisseurs.<br\/>Ils ont souvent d\u00e9j\u00e0 fait le choix de partir en vacances aux \u00c9tats-Unis ou au Canada dans un avenir proche. Ils ont effectu\u00e9 un travail pr\u00e9liminaire via l\u2019internet ou par l\u2019interm\u00e9diaire d'\u201dinfluenceurs sociaux\u201d.<\/p>\n\n<p>Nous demandons un droit d\u2019entr\u00e9e discret pour cette foire, avec des tarifs r\u00e9duits.<br\/>L\u2019exp\u00e9rience montre que les visiteurs sont plus enclins \u00e0 venir s\u2019ils se sont inscrits \u00e0 l\u2019avance. Cela permet d\u2019avoir un public tr\u00e8s cibl\u00e9.<br\/>Le lieu sera d\u00e9cor\u00e9 dans une ambiance nord-am\u00e9ricaine. Devant l\u2019h\u00f4tel se trouvent deux camping-cars dans lesquels les visiteurs peuvent jeter un coup d\u2019\u0153il. Les visiteurs peuvent \u00e9galement assister \u00e0 des pr\u00e9sentations gratuites sur de nombreuses destinations de voyage au cours de la journ\u00e9e.<\/p>\n\n<p>Le site web <a href=\"https:\/\/www.usacanadareisbeurs.nl\/\" target=\"_blank\" rel=\"noreferrer noopener\">\n  <strong>www.usacanadareisbeurs.nl<\/strong>\n<\/a><strong> <\/strong>est un portail regroupant tous les fournisseurs de la USA & Canada Travel Fair, destin\u00e9e aux consommateurs, qui est d\u00e9sormais organis\u00e9e aux Pays-Bas. Le site web est mis \u00e0 jour en permanence.<\/p>\n\n<hr class=\"wp-block-separator has-alpha-channel-opacity\"\/>\n\n<p><strong>\u00c9DITION 2017 ET 2016<\/strong><\/p>\n\n<p><strong>L\u2019\u00e9dition 2017 du <a href=\"https:\/\/www.usacanadareisbeurs.nl\/\">salon du voyage aux \u00c9tats-Unis et au Canada<\/a>, organis\u00e9e par ITN Markteing, a \u00e9t\u00e9 un grand succ\u00e8s ! Pendant deux jours, quelque 1 700 consommateurs se sont arr\u00eat\u00e9s pour pr\u00e9parer le voyage de leurs r\u00eaves.  <\/strong><\/p>\n\n<p>Voir une impression ici :<\/p>\n\n<figure class=\"wp-block-image\"><a href=\"https:\/\/www.usacanadareisbeurs.nl\/\"><img decoding=\"async\" src=\"https:\/\/www.usacanadareisbeurs.nl\/wp-content\/uploads\/2017\/03\/IMG_4479.jpg\" alt=\"\"\/><\/a><\/figure>\n\n<figure class=\"wp-block-image\"><a href=\"https:\/\/www.usacanadareisbeurs.nl\/\"><img decoding=\"async\" src=\"https:\/\/www.usacanadareisbeurs.nl\/wp-content\/uploads\/2017\/03\/IMG_4484.jpg\" alt=\"\"\/><\/a><\/figure>\n\n<figure class=\"wp-block-image\"><a href=\"https:\/\/www.usacanadareisbeurs.nl\/\"><img decoding=\"async\" src=\"https:\/\/www.usacanadareisbeurs.nl\/wp-content\/uploads\/2017\/03\/USACANADA_Reisbeurs_Figi_171105_M753450_Mel_Boas_Zeist.jpg\" alt=\"\"\/><\/a><\/figure>\n\n<figure class=\"wp-block-image\"><a href=\"https:\/\/www.usacanadareisbeurs.nl\/\"><img decoding=\"async\" src=\"https:\/\/www.usacanadareisbeurs.nl\/wp-content\/uploads\/2017\/03\/USACANADA_Reisbeurs_Figi_171105_M1B1069_Mel_Boas_Zeist.jpg\" alt=\"\"\/><\/a><\/figure>\n\n<p><strong>Regardez cette vid\u00e9o pour une r\u00e9trospective de la foire :<\/strong><\/p>\n\n<figure class=\"wp-block-embed is-type-rich is-provider-insluiten-handler wp-block-embed-insluiten-handler wp-embed-aspect-16-9 wp-has-aspect-ratio\"><div class=\"wp-block-embed__wrapper\">\n<iframe title=\"USA & Canada Reisbeurs 2016\" width=\"640\" height=\"360\" src=\"https:\/\/www.youtube.com\/embed\/StnccacFodg?feature=oembed\" frameborder=\"0\" allow=\"accelerometer; autoplay; clipboard-write; encrypted-media; gyroscope; picture-in-picture; web-share\" referrerpolicy=\"strict-origin-when-cross-origin\" allowfullscreen><\/iframe>\n<\/div><\/figure>\n","protected":false},"excerpt":{"rendered":"<p>Visitez le Salon du voyage USA & Canada 2023 les samedi 4 et dimanche 5 novembre ! Visitez ce salon et obtenez des informations compl\u00e8tes\u2026<\/p>\n","protected":false},"author":1,"featured_media":35210,"parent":0,"menu_order":0,"comment_status":"closed","ping_status":"closed","template":"","meta":{"_acf_changed":false,"_price":"","_stock":"","_tribe_ticket_header":"","_tribe_default_ticket_provider":"","_tribe_ticket_capacity":"0","_ticket_start_date":"","_ticket_end_date":"","_tribe_ticket_show_description":"","_tribe_ticket_show_not_going":false,"_tribe_ticket_use_global_stock":"","_tribe_ticket_global_stock_level":"","_global_stock_mode":"","_global_stock_cap":"","_tribe_rsvp_for_event":"","_tribe_ticket_going_count":"","_tribe_ticket_not_going_count":"","_tribe_tickets_list":"[]","_tribe_ticket_has_attendee_info_fields":false,"footnotes":"","_tec_slr_enabled":"","_tec_slr_layout":""},"tags":[],"ecademys":[506],"class_list":["post-48743","page","type-page","status-publish","has-post-thumbnail","hentry","ecademys-usa-canada-fr"],"acf":[],"yoast_head":"<!-- This site is optimized with the Yoast SEO Premium plugin v27.4 (Yoast SEO v27.5) - https:\/\/yoast.com\/product\/yoast-seo-premium-wordpress\/ -->\n<title>Salon du voyage aux \u00c9tats-Unis et au Canada - TravEcademy<\/title>\n<meta name=\"robots\" content=\"index, follow, max-snippet:-1, max-image-preview:large, max-video-preview:-1\" \/>\n<link rel=\"canonical\" href=\"https:\/\/travecademy.be\/fr\/salon-du-voyage-aux-etats-unis-et-au-canada\/\" class=\"yoast-seo-meta-tag\" \/>\n<meta property=\"og:locale\" content=\"fr_FR\" class=\"yoast-seo-meta-tag\" \/>\n<meta property=\"og:type\" content=\"article\" class=\"yoast-seo-meta-tag\" \/>\n<meta property=\"og:title\" content=\"Salon du voyage aux \u00c9tats-Unis et au Canada\" class=\"yoast-seo-meta-tag\" \/>\n<meta property=\"og:description\" content=\"Visitez le Salon du voyage USA &amp; Canada 2023 les samedi 4 et dimanche 5 novembre ! Visitez ce salon et obtenez des informations compl\u00e8tes\u2026\" class=\"yoast-seo-meta-tag\" \/>\n<meta property=\"og:url\" content=\"https:\/\/travecademy.be\/fr\/salon-du-voyage-aux-etats-unis-et-au-canada\/\" class=\"yoast-seo-meta-tag\" \/>\n<meta property=\"og:site_name\" content=\"TravEcademy\" class=\"yoast-seo-meta-tag\" \/>\n<meta property=\"article:modified_time\" content=\"2024-02-13T10:19:57+00:00\" class=\"yoast-seo-meta-tag\" \/>\n<meta property=\"og:image\" content=\"https:\/\/travecademy.be\/wp-content\/uploads\/2017\/11\/USACANADA_Reisbeurs_Figi_171105_M1B1069_Mel_Boas_Zeist.jpg\" class=\"yoast-seo-meta-tag\" \/>\n\t<meta property=\"og:image:width\" content=\"622\" class=\"yoast-seo-meta-tag\" \/>\n\t<meta property=\"og:image:height\" content=\"415\" class=\"yoast-seo-meta-tag\" \/>\n\t<meta property=\"og:image:type\" content=\"image\/jpeg\" class=\"yoast-seo-meta-tag\" \/>\n<meta name=\"twitter:card\" content=\"summary_large_image\" class=\"yoast-seo-meta-tag\" \/>\n<meta name=\"twitter:label1\" content=\"Dur\u00e9e de lecture estim\u00e9e\" class=\"yoast-seo-meta-tag\" \/>\n\t<meta name=\"twitter:data1\" content=\"6 minutes\" class=\"yoast-seo-meta-tag\" \/>\n<script type=\"application\/ld+json\" class=\"yoast-schema-graph\">{\"@context\":\"https:\\\/\\\/schema.org\",\"@graph\":[{\"@type\":\"WebPage\",\"@id\":\"https:\\\/\\\/travecademy.be\\\/fr\\\/salon-du-voyage-aux-etats-unis-et-au-canada\\\/\",\"url\":\"https:\\\/\\\/travecademy.be\\\/fr\\\/salon-du-voyage-aux-etats-unis-et-au-canada\\\/\",\"name\":\"Salon du voyage aux \u00c9tats-Unis et au Canada - TravEcademy\",\"isPartOf\":{\"@id\":\"https:\\\/\\\/travecademy.be\\\/fr\\\/#website\"},\"primaryImageOfPage\":{\"@id\":\"https:\\\/\\\/travecademy.be\\\/fr\\\/salon-du-voyage-aux-etats-unis-et-au-canada\\\/#primaryimage\"},\"image\":{\"@id\":\"https:\\\/\\\/travecademy.be\\\/fr\\\/salon-du-voyage-aux-etats-unis-et-au-canada\\\/#primaryimage\"},\"thumbnailUrl\":\"https:\\\/\\\/travecademy.be\\\/wp-content\\\/uploads\\\/2017\\\/11\\\/USACANADA_Reisbeurs_Figi_171105_M1B1069_Mel_Boas_Zeist.jpg\",\"datePublished\":\"2023-07-15T13:25:00+00:00\",\"dateModified\":\"2024-02-13T10:19:57+00:00\",\"breadcrumb\":{\"@id\":\"https:\\\/\\\/travecademy.be\\\/fr\\\/salon-du-voyage-aux-etats-unis-et-au-canada\\\/#breadcrumb\"},\"inLanguage\":\"fr-FR\",\"potentialAction\":[{\"@type\":\"ReadAction\",\"target\":[\"https:\\\/\\\/travecademy.be\\\/fr\\\/salon-du-voyage-aux-etats-unis-et-au-canada\\\/\"]}]},{\"@type\":\"ImageObject\",\"inLanguage\":\"fr-FR\",\"@id\":\"https:\\\/\\\/travecademy.be\\\/fr\\\/salon-du-voyage-aux-etats-unis-et-au-canada\\\/#primaryimage\",\"url\":\"https:\\\/\\\/travecademy.be\\\/wp-content\\\/uploads\\\/2017\\\/11\\\/USACANADA_Reisbeurs_Figi_171105_M1B1069_Mel_Boas_Zeist.jpg\",\"contentUrl\":\"https:\\\/\\\/travecademy.be\\\/wp-content\\\/uploads\\\/2017\\\/11\\\/USACANADA_Reisbeurs_Figi_171105_M1B1069_Mel_Boas_Zeist.jpg\",\"width\":622,\"height\":415},{\"@type\":\"BreadcrumbList\",\"@id\":\"https:\\\/\\\/travecademy.be\\\/fr\\\/salon-du-voyage-aux-etats-unis-et-au-canada\\\/#breadcrumb\",\"itemListElement\":[{\"@type\":\"ListItem\",\"position\":1,\"name\":\"Home\",\"item\":\"https:\\\/\\\/travecademy.be\\\/fr\\\/\"},{\"@type\":\"ListItem\",\"position\":2,\"name\":\"Salon du voyage aux \u00c9tats-Unis et au Canada\"}]},{\"@type\":\"WebSite\",\"@id\":\"https:\\\/\\\/travecademy.be\\\/fr\\\/#website\",\"url\":\"https:\\\/\\\/travecademy.be\\\/fr\\\/\",\"name\":\"TravEcademy\",\"description\":\"Het meest succesvolle en gratis e-learning platform voor reisprofessionals\",\"publisher\":{\"@id\":\"https:\\\/\\\/travecademy.be\\\/fr\\\/#organization\"},\"potentialAction\":[{\"@type\":\"SearchAction\",\"target\":{\"@type\":\"EntryPoint\",\"urlTemplate\":\"https:\\\/\\\/travecademy.be\\\/fr\\\/?s={search_term_string}\"},\"query-input\":{\"@type\":\"PropertyValueSpecification\",\"valueRequired\":true,\"valueName\":\"search_term_string\"}}],\"inLanguage\":\"fr-FR\"},{\"@type\":\"Organization\",\"@id\":\"https:\\\/\\\/travecademy.be\\\/fr\\\/#organization\",\"name\":\"TravEcademy\",\"url\":\"https:\\\/\\\/travecademy.be\\\/fr\\\/\",\"logo\":{\"@type\":\"ImageObject\",\"inLanguage\":\"fr-FR\",\"@id\":\"https:\\\/\\\/travecademy.be\\\/fr\\\/#\\\/schema\\\/logo\\\/image\\\/\",\"url\":\"https:\\\/\\\/travecademy.be\\\/wp-content\\\/uploads\\\/2024\\\/04\\\/Travecademy.png\",\"contentUrl\":\"https:\\\/\\\/travecademy.be\\\/wp-content\\\/uploads\\\/2024\\\/04\\\/Travecademy.png\",\"width\":1263,\"height\":313,\"caption\":\"TravEcademy\"},\"image\":{\"@id\":\"https:\\\/\\\/travecademy.be\\\/fr\\\/#\\\/schema\\\/logo\\\/image\\\/\"}}]}<\/script>\n<!-- \/ Yoast SEO Premium plugin. -->","yoast_head_json":{"title":"Salon du voyage aux \u00c9tats-Unis et au Canada - TravEcademy","robots":{"index":"index","follow":"follow","max-snippet":"max-snippet:-1","max-image-preview":"max-image-preview:large","max-video-preview":"max-video-preview:-1"},"canonical":"https:\/\/travecademy.be\/fr\/salon-du-voyage-aux-etats-unis-et-au-canada\/","og_locale":"fr_FR","og_type":"article","og_title":"Salon du voyage aux \u00c9tats-Unis et au Canada","og_description":"Visitez le Salon du voyage USA & Canada 2023 les samedi 4 et dimanche 5 novembre ! Visitez ce salon et obtenez des informations compl\u00e8tes\u2026","og_url":"https:\/\/travecademy.be\/fr\/salon-du-voyage-aux-etats-unis-et-au-canada\/","og_site_name":"TravEcademy","article_modified_time":"2024-02-13T10:19:57+00:00","og_image":[{"width":622,"height":415,"url":"https:\/\/travecademy.be\/wp-content\/uploads\/2017\/11\/USACANADA_Reisbeurs_Figi_171105_M1B1069_Mel_Boas_Zeist.jpg","type":"image\/jpeg"}],"twitter_card":"summary_large_image","twitter_misc":{"Dur\u00e9e de lecture estim\u00e9e":"6 minutes"},"schema":{"@context":"https:\/\/schema.org","@graph":[{"@type":"WebPage","@id":"https:\/\/travecademy.be\/fr\/salon-du-voyage-aux-etats-unis-et-au-canada\/","url":"https:\/\/travecademy.be\/fr\/salon-du-voyage-aux-etats-unis-et-au-canada\/","name":"Salon du voyage aux \u00c9tats-Unis et au Canada - TravEcademy","isPartOf":{"@id":"https:\/\/travecademy.be\/fr\/#website"},"primaryImageOfPage":{"@id":"https:\/\/travecademy.be\/fr\/salon-du-voyage-aux-etats-unis-et-au-canada\/#primaryimage"},"image":{"@id":"https:\/\/travecademy.be\/fr\/salon-du-voyage-aux-etats-unis-et-au-canada\/#primaryimage"},"thumbnailUrl":"https:\/\/travecademy.be\/wp-content\/uploads\/2017\/11\/USACANADA_Reisbeurs_Figi_171105_M1B1069_Mel_Boas_Zeist.jpg","datePublished":"2023-07-15T13:25:00+00:00","dateModified":"2024-02-13T10:19:57+00:00","breadcrumb":{"@id":"https:\/\/travecademy.be\/fr\/salon-du-voyage-aux-etats-unis-et-au-canada\/#breadcrumb"},"inLanguage":"fr-FR","potentialAction":[{"@type":"ReadAction","target":["https:\/\/travecademy.be\/fr\/salon-du-voyage-aux-etats-unis-et-au-canada\/"]}]},{"@type":"ImageObject","inLanguage":"fr-FR","@id":"https:\/\/travecademy.be\/fr\/salon-du-voyage-aux-etats-unis-et-au-canada\/#primaryimage","url":"https:\/\/travecademy.be\/wp-content\/uploads\/2017\/11\/USACANADA_Reisbeurs_Figi_171105_M1B1069_Mel_Boas_Zeist.jpg","contentUrl":"https:\/\/travecademy.be\/wp-content\/uploads\/2017\/11\/USACANADA_Reisbeurs_Figi_171105_M1B1069_Mel_Boas_Zeist.jpg","width":622,"height":415},{"@type":"BreadcrumbList","@id":"https:\/\/travecademy.be\/fr\/salon-du-voyage-aux-etats-unis-et-au-canada\/#breadcrumb","itemListElement":[{"@type":"ListItem","position":1,"name":"Home","item":"https:\/\/travecademy.be\/fr\/"},{"@type":"ListItem","position":2,"name":"Salon du voyage aux \u00c9tats-Unis et au Canada"}]},{"@type":"WebSite","@id":"https:\/\/travecademy.be\/fr\/#website","url":"https:\/\/travecademy.be\/fr\/","name":"TravEcademy","description":"Het meest succesvolle en gratis e-learning platform voor reisprofessionals","publisher":{"@id":"https:\/\/travecademy.be\/fr\/#organization"},"potentialAction":[{"@type":"SearchAction","target":{"@type":"EntryPoint","urlTemplate":"https:\/\/travecademy.be\/fr\/?s={search_term_string}"},"query-input":{"@type":"PropertyValueSpecification","valueRequired":true,"valueName":"search_term_string"}}],"inLanguage":"fr-FR"},{"@type":"Organization","@id":"https:\/\/travecademy.be\/fr\/#organization","name":"TravEcademy","url":"https:\/\/travecademy.be\/fr\/","logo":{"@type":"ImageObject","inLanguage":"fr-FR","@id":"https:\/\/travecademy.be\/fr\/#\/schema\/logo\/image\/","url":"https:\/\/travecademy.be\/wp-content\/uploads\/2024\/04\/Travecademy.png","contentUrl":"https:\/\/travecademy.be\/wp-content\/uploads\/2024\/04\/Travecademy.png","width":1263,"height":313,"caption":"TravEcademy"},"image":{"@id":"https:\/\/travecademy.be\/fr\/#\/schema\/logo\/image\/"}}]}},"publishpress_future_action":{"enabled":false,"date":"2026-05-06 15:11:31","action":"change-status","newStatus":"draft","terms":[],"taxonomy":"ecademys","extraData":[]},"publishpress_future_workflow_manual_trigger":{"enabledWorkflows":[]},"ticketed":false,"_links":{"self":[{"href":"https:\/\/travecademy.be\/fr\/wp-json\/wp\/v2\/pages\/48743","targetHints":{"allow":["GET"]}}],"collection":[{"href":"https:\/\/travecademy.be\/fr\/wp-json\/wp\/v2\/pages"}],"about":[{"href":"https:\/\/travecademy.be\/fr\/wp-json\/wp\/v2\/types\/page"}],"author":[{"embeddable":true,"href":"https:\/\/travecademy.be\/fr\/wp-json\/wp\/v2\/users\/1"}],"replies":[{"embeddable":true,"href":"https:\/\/travecademy.be\/fr\/wp-json\/wp\/v2\/comments?post=48743"}],"version-history":[{"count":2,"href":"https:\/\/travecademy.be\/fr\/wp-json\/wp\/v2\/pages\/48743\/revisions"}],"predecessor-version":[{"id":48752,"href":"https:\/\/travecademy.be\/fr\/wp-json\/wp\/v2\/pages\/48743\/revisions\/48752"}],"wp:featuredmedia":[{"embeddable":true,"href":"https:\/\/travecademy.be\/fr\/wp-json\/wp\/v2\/media\/35210"}],"wp:attachment":[{"href":"https:\/\/travecademy.be\/fr\/wp-json\/wp\/v2\/media?parent=48743"}],"wp:term":[{"taxonomy":"post_tag","embeddable":true,"href":"https:\/\/travecademy.be\/fr\/wp-json\/wp\/v2\/tags?post=48743"},{"taxonomy":"ecademys","embeddable":true,"href":"https:\/\/travecademy.be\/fr\/wp-json\/wp\/v2\/ecademys?post=48743"}],"curies":[{"name":"wp","href":"https:\/\/api.w.org\/{rel}","templated":true}]}}